{"id":964,"date":"2024-01-13T12:53:07","date_gmt":"2024-01-13T15:53:07","guid":{"rendered":"https:\/\/sindticccba.org.br\/?page_id=964"},"modified":"2024-01-13T14:10:52","modified_gmt":"2024-01-13T17:10:52","slug":"diretoria","status":"publish","type":"page","link":"https:\/\/sindticccba.org.br\/index.php\/diretoria\/","title":{"rendered":"Diretoria"},"content":{"rendered":"<div class=\"td_block_wrap tdb_title tdi_92 tdb-single-title td-pb-border-top td_block_template_1\" data-td-block-uid=\"tdi_92\">\n<div class=\"tdb-block-inner td-fix-index\">\n<p class=\"tdb-title-text\" style=\"text-align: center;\"><span style=\"font-size: 16px; color: #ff0000;\"><strong>DIRETORIA ELEITA DO SINDTICCC<\/strong><\/span><\/p>\n<hr \/>\n<p style=\"text-align: left;\"><span style=\"font-size: 20px; color: #000000;\"><strong><span style=\"font-family: arial, helvetica, sans-serif;\">Diretoria Executiva:<\/span><\/strong><\/span><\/p>\n<\/div>\n<\/div>\n<div class=\"td_block_wrap tdb_single_content tdi_93 td-pb-border-top td_block_template_1 td-post-content tagdiv-type\" data-td-block-uid=\"tdi_93\">\n<div class=\"tdb-block-inner td-fix-index\">\n<ul>\n<li style=\"text-align: left;\"><span style=\"font-size: 16px;\"><span style=\"font-family: arial, helvetica, sans-serif;\">Antonio Ubirajara Santos Souza <span style=\"color: #ff0000;\">|<\/span> <strong>Coordenador Geral<\/strong><\/span><\/span><\/li>\n<li style=\"text-align: left;\"><span style=\"font-size: 16px;\"><span style=\"font-family: arial, helvetica, sans-serif;\">Perc\u00edlio Jos\u00e9 dos Santos <span style=\"color: #ff0000;\">|<\/span> <strong>Secret\u00e1rio de Forma\u00e7\u00e3o<\/strong><\/span><\/span><\/li>\n<li style=\"text-align: left;\"><span style=\"font-size: 16px;\"><span style=\"font-family: arial, helvetica, sans-serif;\">Antonio Carlos Vieira <span style=\"color: #ff0000;\">|<\/span> <strong>Secret\u00e1rio de Finan\u00e7as<\/strong><\/span><\/span><\/li>\n<li style=\"text-align: left;\"><span style=\"font-size: 16px;\"><span style=\"font-family: arial, helvetica, sans-serif;\">Jos\u00e9 Nilson de Menezes Le\u00e3o <span style=\"color: #ff0000;\">|<\/span> <strong>Secret\u00e1rio Geral<\/strong><\/span><\/span><\/li>\n<li style=\"text-align: left;\"><span style=\"font-size: 16px;\"><span style=\"font-family: arial, helvetica, sans-serif;\">Josenildes da Concei\u00e7\u00e3o<span style=\"color: #ff0000;\"> |<\/span> <strong>Secret\u00e1ria de Organiza\u00e7\u00e3o de Base<\/strong><\/span><\/span><\/li>\n<li style=\"text-align: left;\"><span style=\"font-size: 16px;\"><span style=\"font-family: arial, helvetica, sans-serif;\">Jairo Silva de Santana <span style=\"color: #ff0000;\">|<\/span> <strong>Secret\u00e1rio de Mobiliza\u00e7\u00e3o e Sa\u00fade<\/strong><\/span><\/span><\/li>\n<li style=\"text-align: left;\"><span style=\"font-size: 16px;\"><span style=\"font-family: arial, helvetica, sans-serif;\">Manoel do Reis Costa da Cruz<span style=\"color: #ff0000;\"> |<\/span> <strong>Secret\u00e1rio de Imprensa e Assuntos Sociais<\/strong><\/span><\/span><\/li>\n<\/ul>\n<p style=\"text-align: left;\"><span style=\"font-size: 20px; color: #ff0000;\"><strong><span style=\"font-family: arial, helvetica, sans-serif;\">Diretoria de Base:<\/span><\/strong><\/span><\/p>\n<ul>\n<li style=\"text-align: left;\"><span style=\"font-size: 16px;\"><span style=\"font-family: arial, helvetica, sans-serif;\">Edgar Manoel da Silva Filho<\/span><\/span><\/li>\n<li style=\"text-align: left;\"><span style=\"font-size: 16px;\"><span style=\"font-family: arial, helvetica, sans-serif;\">Edvaldo de Jesus dos Santos<\/span><\/span><\/li>\n<li style=\"text-align: left;\"><span style=\"font-size: 16px;\"><span style=\"font-family: arial, helvetica, sans-serif;\">Adedilson Camilo Duarte da Silva<\/span><\/span><\/li>\n<li style=\"text-align: left;\"><span style=\"font-size: 16px;\"><span style=\"font-family: arial, helvetica, sans-serif;\">Agnaldo Nogueira de Moraes<\/span><\/span><\/li>\n<li style=\"text-align: left;\"><span style=\"font-size: 16px;\"><span style=\"font-family: arial, helvetica, sans-serif;\">Jackson Ubiratan Leal Brand\u00e3o<\/span><\/span><\/li>\n<li style=\"text-align: left;\"><span style=\"font-size: 16px;\"><span style=\"font-family: arial, helvetica, sans-serif;\">Jos\u00e9 M\u00e1rio Santos Bomfim<\/span><\/span><\/li>\n<li style=\"text-align: left;\"><span style=\"font-size: 16px;\"><span style=\"font-family: arial, helvetica, sans-serif;\">Ov\u00eddio Valentin de Jesus Filho<\/span><\/span><\/li>\n<li style=\"text-align: left;\"><span style=\"font-size: 16px;\"><span style=\"font-family: arial, helvetica, sans-serif;\">Robson Ferreira Lima da Concei\u00e7\u00e3o<\/span><\/span><\/li>\n<\/ul>\n<p style=\"text-align: left;\"><span style=\"font-size: 20px; color: #ff0000;\"><strong><span style=\"font-family: arial, helvetica, sans-serif;\">Conselho Fiscal:<\/span><\/strong><\/span><\/p>\n<ul>\n<li style=\"text-align: left;\"><span style=\"font-size: 16px;\"><span style=\"font-family: arial, helvetica, sans-serif;\">Jo\u00e3o Batista<\/span><\/span><\/li>\n<li style=\"text-align: left;\"><span style=\"font-size: 16px;\"><span style=\"font-family: arial, helvetica, sans-serif;\">Edenivaldo Mendes Anuncia\u00e7\u00e3o<\/span><\/span><\/li>\n<li style=\"text-align: left;\"><span style=\"font-size: 16px;\"><span style=\"font-family: arial, helvetica, sans-serif;\">Jorge Louren\u00e7o<\/span><\/span><\/li>\n<\/ul>\n<\/div>\n<\/div>\n","protected":false},"excerpt":{"rendered":"<p>DIRETORIA ELEITA DO SINDTICCC Diretoria Executiva: Antonio Ubirajara Santos Souza | Coordenador Geral Perc\u00edlio Jos\u00e9 dos Santos | Secret\u00e1rio de Forma\u00e7\u00e3o Antonio Carlos Vieira | Secret\u00e1rio de Finan\u00e7as Jos\u00e9 Nilson de Menezes Le\u00e3o | Secret\u00e1rio Geral Josenildes da Concei\u00e7\u00e3o | Secret\u00e1ria de Organiza\u00e7\u00e3o de Base Jairo Silva de Santana | Secret\u00e1rio de Mobiliza\u00e7\u00e3o e Sa\u00fade [&hellip;]<\/p>\n","protected":false},"author":1,"featured_media":0,"parent":0,"menu_order":0,"comment_status":"closed","ping_status":"closed","template":"","meta":{"footnotes":""},"class_list":["post-964","page","type-page","status-publish"],"_links":{"self":[{"href":"https:\/\/sindticccba.org.br\/index.php\/wp-json\/wp\/v2\/pages\/964","targetHints":{"allow":["GET"]}}],"collection":[{"href":"https:\/\/sindticccba.org.br\/index.php\/wp-json\/wp\/v2\/pages"}],"about":[{"href":"https:\/\/sindticccba.org.br\/index.php\/wp-json\/wp\/v2\/types\/page"}],"author":[{"embeddable":true,"href":"https:\/\/sindticccba.org.br\/index.php\/wp-json\/wp\/v2\/users\/1"}],"replies":[{"embeddable":true,"href":"https:\/\/sindticccba.org.br\/index.php\/wp-json\/wp\/v2\/comments?post=964"}],"version-history":[{"count":8,"href":"https:\/\/sindticccba.org.br\/index.php\/wp-json\/wp\/v2\/pages\/964\/revisions"}],"predecessor-version":[{"id":995,"href":"https:\/\/sindticccba.org.br\/index.php\/wp-json\/wp\/v2\/pages\/964\/revisions\/995"}],"wp:attachment":[{"href":"https:\/\/sindticccba.org.br\/index.php\/wp-json\/wp\/v2\/media?parent=964"}],"curies":[{"name":"wp","href":"https:\/\/api.w.org\/{rel}","templated":true}]}}